{"id":294,"date":"2018-02-21T15:22:28","date_gmt":"2018-02-21T14:22:28","guid":{"rendered":"http:\/\/thierrydumont-duthy.fr\/?page_id=294"},"modified":"2025-05-08T18:29:21","modified_gmt":"2025-05-08T16:29:21","slug":"livres-et-infos","status":"publish","type":"page","link":"https:\/\/thierrydumont-duthy.fr\/?page_id=294","title":{"rendered":"Livres"},"content":{"rendered":"<h3>Troisi\u00e8me livre \u00e9dit\u00e9 : Hallucinations Mill\u00e9sim\u00e9es_ Extrait.<\/h3>\n<p><a href=\"https:\/\/thierrydumont-duthy.fr\/?page_id=1052\">Hallucinations Mill\u00e9sim\u00e9es<\/a> est une s\u00e9rie au long court dont la gen\u00e8se a d\u00e9marr\u00e9 en 2020, lorsque j\u2019ai d\u00e9couvert une cave vinicole en fin de vie. L\u2019Architecture de ces lieux m\u2019a donn\u00e9 envie de travailler dans diff\u00e9rents types de caves afin de mixer le graphisme industriel et les corps nus. Avec l&rsquo;id\u00e9e qu&rsquo;une deuxi\u00e8me Vie, \u00c9ph\u00e9m\u00e8re, peut \u00eatre donn\u00e9e \u00e0 ces caves vinicoles construites entre les deux guerres, et aujourd&rsquo;hui \u00e0 l&rsquo;aube de leur destruction.<\/p>\n<div id='gallery-1' class='gallery galleryid-294 gallery-columns-2 gallery-size-medium'><figure class='gallery-item'>\n\t\t\t<div class='gallery-icon landscape'>\n\t\t\t\t<a href='https:\/\/thierrydumont-duthy.fr\/wp-content\/uploads\/2025\/05\/Couv_Hallucinations_Pub-1.jpg'><img loading=\"lazy\" decoding=\"async\" width=\"300\" height=\"149\" src=\"https:\/\/thierrydumont-duthy.fr\/wp-content\/uploads\/2025\/05\/Couv_Hallucinations_Pub-1-300x149.jpg\" class=\"attachment-medium size-medium\" alt=\"\" aria-describedby=\"gallery-1-1988\" srcset=\"https:\/\/thierrydumont-duthy.fr\/wp-content\/uploads\/2025\/05\/Couv_Hallucinations_Pub-1-300x149.jpg 300w, https:\/\/thierrydumont-duthy.fr\/wp-content\/uploads\/2025\/05\/Couv_Hallucinations_Pub-1-1024x507.jpg 1024w, https:\/\/thierrydumont-duthy.fr\/wp-content\/uploads\/2025\/05\/Couv_Hallucinations_Pub-1-768x381.jpg 768w, https:\/\/thierrydumont-duthy.fr\/wp-content\/uploads\/2025\/05\/Couv_Hallucinations_Pub-1.jpg 1429w\" sizes=\"auto, (max-width: 300px) 100vw, 300px\" \/><\/a>\n\t\t\t<\/div>\n\t\t\t\t<figcaption class='wp-caption-text gallery-caption' id='gallery-1-1988'>\n\t\t\t\tHallucinations Mill\u00e9sim\u00e9es_Extrait\n\t\t\t\t<\/figcaption><\/figure>\n\t\t<\/div>\n\n<p><strong><em>Caract\u00e9ristiques techniques :<br \/>\n<\/em><\/strong><br \/>\nLivre d\u2019art couverture souple de 94 pages cousues , format 24x24cm , papier satin\u00e9 170gr.<br \/>\n84 Photos , qui d\u00e9voilent mes Volutes Alcooliques Imaginaires .<br \/>\nTirage limit\u00e9 \u00e0 150 exemplaires num\u00e9rot\u00e9s sign\u00e9s . d\u00e9dicace sur demande !<br \/>\nPrix 27\u20ac envoi en lettre suivie.<\/p>\n<p>pour toute commande prendre <a href=\"https:\/\/thierrydumont-duthy.fr\/?page_id=45\">contact<\/a> &#8230;<\/p>\n<h3>Deuxi\u00e8me livre \u00e9dit\u00e9 : Mise \u00e0 Nu &#8230; Grotte de la Cocali\u00e8re.<\/h3>\n<p>\u00a0\u00bb Mise \u00e0 Nu &#8230; Grotte de la Cocali\u00e8re \u00a0\u00bb est une s\u00e9rie disponible pour exposition, accompagn\u00e9e du livre imprim\u00e9 en France et \u00e9dit\u00e9 par nos soins .<br \/>\nIl est disponible \u00e0 la boutique de la Grotte de la Cocali\u00e8re :<a href=\"https:\/\/www.grotte-cocaliere.com\/\"> https:\/\/www.grotte-cocaliere.com\/<\/a> &#8230;.<\/p>\n<p><strong><em>Caract\u00e9ristiques techniques :<\/em> <\/strong><\/p>\n<p>Livre d\u2019art couverture rigide de 96 pages cousues , format 24x30cm , papier satin\u00e9 170gr.<br \/>\n97 Photos , dont 15 en Noir et Blanc , qui d\u00e9voilent ma vision onirique de ce monde souterrain .<br \/>\nTirage limit\u00e9 \u00e0 500 exemplaires num\u00e9rot\u00e9s sign\u00e9s . d\u00e9dicace sur demande !<br \/>\nPrix 35\u20ac envoi en lettre suivie.<\/p>\n<p><a href=\"https:\/\/www.kisskissbankbank.com\/fr\/projects\/mise-a-nu-grotte-de-la-cocaliere\" target=\"_blank\" rel=\"noopener noreferrer\">https:\/\/www.kisskissbankbank.com\/fr\/projects\/mise-a-nu-grotte-de-la-cocaliere<\/a><\/p>\n<p>pour toute commande prendre <a href=\"https:\/\/thierrydumont-duthy.fr\/?page_id=45\">contact<\/a> &#8230;<\/p>\n<div id='gallery-2' class='gallery galleryid-294 gallery-columns-3 gallery-size-medium'><figure class='gallery-item'>\n\t\t\t<div class='gallery-icon landscape'>\n\t\t\t\t<a href='https:\/\/thierrydumont-duthy.fr\/wp-content\/uploads\/2018\/09\/DSC4222_a_25260_C1.jpg'><img loading=\"lazy\" decoding=\"async\" width=\"300\" height=\"200\" src=\"https:\/\/thierrydumont-duthy.fr\/wp-content\/uploads\/2018\/09\/DSC4222_a_25260_C1-300x200.jpg\" class=\"attachment-medium size-medium\" alt=\"\" aria-describedby=\"gallery-2-685\" srcset=\"https:\/\/thierrydumont-duthy.fr\/wp-content\/uploads\/2018\/09\/DSC4222_a_25260_C1-300x200.jpg 300w, https:\/\/thierrydumont-duthy.fr\/wp-content\/uploads\/2018\/09\/DSC4222_a_25260_C1-768x511.jpg 768w, https:\/\/thierrydumont-duthy.fr\/wp-content\/uploads\/2018\/09\/DSC4222_a_25260_C1-1024x682.jpg 1024w, https:\/\/thierrydumont-duthy.fr\/wp-content\/uploads\/2018\/09\/DSC4222_a_25260_C1.jpg 1200w\" sizes=\"auto, (max-width: 300px) 100vw, 300px\" \/><\/a>\n\t\t\t<\/div>\n\t\t\t\t<figcaption class='wp-caption-text gallery-caption' id='gallery-2-685'>\n\t\t\t\tMise \u00e0 Nu&#8230; Grotte de la Cocali\u00e8re _ Couverture\n\t\t\t\t<\/figcaption><\/figure><figure class='gallery-item'>\n\t\t\t<div class='gallery-icon landscape'>\n\t\t\t\t<a href='https:\/\/thierrydumont-duthy.fr\/wp-content\/uploads\/2018\/09\/DSC4223_a_25261_C1.jpg'><img loading=\"lazy\" decoding=\"async\" width=\"300\" height=\"200\" src=\"https:\/\/thierrydumont-duthy.fr\/wp-content\/uploads\/2018\/09\/DSC4223_a_25261_C1-300x200.jpg\" class=\"attachment-medium size-medium\" alt=\"\" aria-describedby=\"gallery-2-686\" srcset=\"https:\/\/thierrydumont-duthy.fr\/wp-content\/uploads\/2018\/09\/DSC4223_a_25261_C1-300x200.jpg 300w, https:\/\/thierrydumont-duthy.fr\/wp-content\/uploads\/2018\/09\/DSC4223_a_25261_C1-768x511.jpg 768w, https:\/\/thierrydumont-duthy.fr\/wp-content\/uploads\/2018\/09\/DSC4223_a_25261_C1-1024x682.jpg 1024w, https:\/\/thierrydumont-duthy.fr\/wp-content\/uploads\/2018\/09\/DSC4223_a_25261_C1.jpg 1200w\" sizes=\"auto, (max-width: 300px) 100vw, 300px\" \/><\/a>\n\t\t\t<\/div>\n\t\t\t\t<figcaption class='wp-caption-text gallery-caption' id='gallery-2-686'>\n\t\t\t\tMise \u00e0 Nu&#8230; Grotte de la Cocali\u00e8re _ page int\u00e9rieure\n\t\t\t\t<\/figcaption><\/figure><figure class='gallery-item'>\n\t\t\t<div class='gallery-icon landscape'>\n\t\t\t\t<a href='https:\/\/thierrydumont-duthy.fr\/wp-content\/uploads\/2018\/09\/DSC4225_b_25262_C1.jpg'><img loading=\"lazy\" decoding=\"async\" width=\"300\" height=\"200\" src=\"https:\/\/thierrydumont-duthy.fr\/wp-content\/uploads\/2018\/09\/DSC4225_b_25262_C1-300x200.jpg\" class=\"attachment-medium size-medium\" alt=\"\" aria-describedby=\"gallery-2-687\" srcset=\"https:\/\/thierrydumont-duthy.fr\/wp-content\/uploads\/2018\/09\/DSC4225_b_25262_C1-300x200.jpg 300w, https:\/\/thierrydumont-duthy.fr\/wp-content\/uploads\/2018\/09\/DSC4225_b_25262_C1-768x511.jpg 768w, https:\/\/thierrydumont-duthy.fr\/wp-content\/uploads\/2018\/09\/DSC4225_b_25262_C1-1024x682.jpg 1024w, https:\/\/thierrydumont-duthy.fr\/wp-content\/uploads\/2018\/09\/DSC4225_b_25262_C1.jpg 1200w\" sizes=\"auto, (max-width: 300px) 100vw, 300px\" \/><\/a>\n\t\t\t<\/div>\n\t\t\t\t<figcaption class='wp-caption-text gallery-caption' id='gallery-2-687'>\n\t\t\t\tMise \u00e0 Nu&#8230; _ Pr\u00e9sentation \u00e0 la Grotte\n\t\t\t\t<\/figcaption><\/figure><figure class='gallery-item'>\n\t\t\t<div class='gallery-icon landscape'>\n\t\t\t\t<a href='https:\/\/thierrydumont-duthy.fr\/wp-content\/uploads\/2018\/09\/DSC4218_a_25257_C1.jpg'><img loading=\"lazy\" decoding=\"async\" width=\"300\" height=\"143\" src=\"https:\/\/thierrydumont-duthy.fr\/wp-content\/uploads\/2018\/09\/DSC4218_a_25257_C1-300x143.jpg\" class=\"attachment-medium size-medium\" alt=\"\" aria-describedby=\"gallery-2-682\" srcset=\"https:\/\/thierrydumont-duthy.fr\/wp-content\/uploads\/2018\/09\/DSC4218_a_25257_C1-300x143.jpg 300w, https:\/\/thierrydumont-duthy.fr\/wp-content\/uploads\/2018\/09\/DSC4218_a_25257_C1-768x366.jpg 768w, https:\/\/thierrydumont-duthy.fr\/wp-content\/uploads\/2018\/09\/DSC4218_a_25257_C1-1024x488.jpg 1024w, https:\/\/thierrydumont-duthy.fr\/wp-content\/uploads\/2018\/09\/DSC4218_a_25257_C1.jpg 1200w\" sizes=\"auto, (max-width: 300px) 100vw, 300px\" \/><\/a>\n\t\t\t<\/div>\n\t\t\t\t<figcaption class='wp-caption-text gallery-caption' id='gallery-2-682'>\n\t\t\t\tMise \u00e0 Nu&#8230; Grotte de la Cocali\u00e8re _ page int\u00e9rieure\n\t\t\t\t<\/figcaption><\/figure><figure class='gallery-item'>\n\t\t\t<div class='gallery-icon landscape'>\n\t\t\t\t<a href='https:\/\/thierrydumont-duthy.fr\/wp-content\/uploads\/2018\/09\/DSC4220_a_25259_C1.jpg'><img loading=\"lazy\" decoding=\"async\" width=\"300\" height=\"143\" src=\"https:\/\/thierrydumont-duthy.fr\/wp-content\/uploads\/2018\/09\/DSC4220_a_25259_C1-300x143.jpg\" class=\"attachment-medium size-medium\" alt=\"\" aria-describedby=\"gallery-2-684\" srcset=\"https:\/\/thierrydumont-duthy.fr\/wp-content\/uploads\/2018\/09\/DSC4220_a_25259_C1-300x143.jpg 300w, https:\/\/thierrydumont-duthy.fr\/wp-content\/uploads\/2018\/09\/DSC4220_a_25259_C1-768x366.jpg 768w, https:\/\/thierrydumont-duthy.fr\/wp-content\/uploads\/2018\/09\/DSC4220_a_25259_C1-1024x488.jpg 1024w, https:\/\/thierrydumont-duthy.fr\/wp-content\/uploads\/2018\/09\/DSC4220_a_25259_C1.jpg 1200w\" sizes=\"auto, (max-width: 300px) 100vw, 300px\" \/><\/a>\n\t\t\t<\/div>\n\t\t\t\t<figcaption class='wp-caption-text gallery-caption' id='gallery-2-684'>\n\t\t\t\tMise \u00e0 Nu&#8230; Grotte de la Cocali\u00e8re _ page int\u00e9rieure\n\t\t\t\t<\/figcaption><\/figure><figure class='gallery-item'>\n\t\t\t<div class='gallery-icon landscape'>\n\t\t\t\t<a href='https:\/\/thierrydumont-duthy.fr\/wp-content\/uploads\/2018\/09\/DSC4219_a_25258_C1.jpg'><img loading=\"lazy\" decoding=\"async\" width=\"300\" height=\"132\" src=\"https:\/\/thierrydumont-duthy.fr\/wp-content\/uploads\/2018\/09\/DSC4219_a_25258_C1-300x132.jpg\" class=\"attachment-medium size-medium\" alt=\"\" aria-describedby=\"gallery-2-683\" srcset=\"https:\/\/thierrydumont-duthy.fr\/wp-content\/uploads\/2018\/09\/DSC4219_a_25258_C1-300x132.jpg 300w, https:\/\/thierrydumont-duthy.fr\/wp-content\/uploads\/2018\/09\/DSC4219_a_25258_C1-768x337.jpg 768w, https:\/\/thierrydumont-duthy.fr\/wp-content\/uploads\/2018\/09\/DSC4219_a_25258_C1-1024x450.jpg 1024w, https:\/\/thierrydumont-duthy.fr\/wp-content\/uploads\/2018\/09\/DSC4219_a_25258_C1.jpg 1200w\" sizes=\"auto, (max-width: 300px) 100vw, 300px\" \/><\/a>\n\t\t\t<\/div>\n\t\t\t\t<figcaption class='wp-caption-text gallery-caption' id='gallery-2-683'>\n\t\t\t\tMise \u00e0 Nu&#8230; Grotte de la Cocali\u00e8re _ page int\u00e9rieure\n\t\t\t\t<\/figcaption><\/figure>\n\t\t<\/div>\n\n<h3>Premier livre \u00e9dit\u00e9 : Dualit\u00e9.<\/h3>\n<p>\u00ab\u00a0Dualit\u00e9\u00a0\u00bb est une s\u00e9rie disponible pour exposition, accompagn\u00e9e du livre imprim\u00e9 en France et \u00e9dit\u00e9 par nos soins .<\/p>\n<p><strong><em>Caract\u00e9ristiques techniques :<\/em> <\/strong><\/p>\n<p style=\"text-align: left;\">Livre d\u2019art couverture rigide de 72 pages cousues , format 30x30cm , papier satin\u00e9 170gr .<br \/>\nTirage limit\u00e9 \u00e0 500 exemplaires num\u00e9rot\u00e9s sign\u00e9s . d\u00e9dicace sur demande !<br \/>\nPrix 35\u20ac envoi en lettre suivie.<\/p>\n<p>pour toute commande prendre contact &#8230;<br \/>\nou sur ce lien : <a href=\"https:\/\/achevedimprimer.com\/collections\/frontpage\/products\/dualite\" target=\"_blank\" rel=\"noopener noreferrer\">https:\/\/achevedimprimer.com\/collections\/frontpage\/products\/dualite<\/a><\/p>\n<div id='gallery-3' class='gallery galleryid-294 gallery-columns-3 gallery-size-medium'><figure class='gallery-item'>\n\t\t\t<div class='gallery-icon landscape'>\n\t\t\t\t<a href='https:\/\/thierrydumont-duthy.fr\/wp-content\/uploads\/2018\/02\/DSC_8129_a_16531.jpg'><img loading=\"lazy\" decoding=\"async\" width=\"300\" height=\"225\" src=\"https:\/\/thierrydumont-duthy.fr\/wp-content\/uploads\/2018\/02\/DSC_8129_a_16531-300x225.jpg\" class=\"attachment-medium size-medium\" alt=\"\" aria-describedby=\"gallery-3-306\" srcset=\"https:\/\/thierrydumont-duthy.fr\/wp-content\/uploads\/2018\/02\/DSC_8129_a_16531-300x225.jpg 300w, https:\/\/thierrydumont-duthy.fr\/wp-content\/uploads\/2018\/02\/DSC_8129_a_16531-768x576.jpg 768w, https:\/\/thierrydumont-duthy.fr\/wp-content\/uploads\/2018\/02\/DSC_8129_a_16531-1024x768.jpg 1024w, https:\/\/thierrydumont-duthy.fr\/wp-content\/uploads\/2018\/02\/DSC_8129_a_16531.jpg 1200w\" sizes=\"auto, (max-width: 300px) 100vw, 300px\" \/><\/a>\n\t\t\t<\/div>\n\t\t\t\t<figcaption class='wp-caption-text gallery-caption' id='gallery-3-306'>\n\t\t\t\tCouverture \n\t\t\t\t<\/figcaption><\/figure><figure class='gallery-item'>\n\t\t\t<div class='gallery-icon landscape'>\n\t\t\t\t<a href='https:\/\/thierrydumont-duthy.fr\/wp-content\/uploads\/2018\/02\/DSC_8128_a_16530.jpg'><img loading=\"lazy\" decoding=\"async\" width=\"300\" height=\"225\" src=\"https:\/\/thierrydumont-duthy.fr\/wp-content\/uploads\/2018\/02\/DSC_8128_a_16530-300x225.jpg\" class=\"attachment-medium size-medium\" alt=\"\" aria-describedby=\"gallery-3-305\" srcset=\"https:\/\/thierrydumont-duthy.fr\/wp-content\/uploads\/2018\/02\/DSC_8128_a_16530-300x225.jpg 300w, https:\/\/thierrydumont-duthy.fr\/wp-content\/uploads\/2018\/02\/DSC_8128_a_16530-768x576.jpg 768w, https:\/\/thierrydumont-duthy.fr\/wp-content\/uploads\/2018\/02\/DSC_8128_a_16530-1024x768.jpg 1024w, https:\/\/thierrydumont-duthy.fr\/wp-content\/uploads\/2018\/02\/DSC_8128_a_16530.jpg 1200w\" sizes=\"auto, (max-width: 300px) 100vw, 300px\" \/><\/a>\n\t\t\t<\/div>\n\t\t\t\t<figcaption class='wp-caption-text gallery-caption' id='gallery-3-305'>\n\t\t\t\tPage int\u00e9rieure\n\t\t\t\t<\/figcaption><\/figure><figure class='gallery-item'>\n\t\t\t<div class='gallery-icon landscape'>\n\t\t\t\t<a href='https:\/\/thierrydumont-duthy.fr\/wp-content\/uploads\/2018\/02\/DSC_8130_a_16532.jpg'><img loading=\"lazy\" decoding=\"async\" width=\"300\" height=\"225\" src=\"https:\/\/thierrydumont-duthy.fr\/wp-content\/uploads\/2018\/02\/DSC_8130_a_16532-300x225.jpg\" class=\"attachment-medium size-medium\" alt=\"\" aria-describedby=\"gallery-3-307\" srcset=\"https:\/\/thierrydumont-duthy.fr\/wp-content\/uploads\/2018\/02\/DSC_8130_a_16532-300x225.jpg 300w, https:\/\/thierrydumont-duthy.fr\/wp-content\/uploads\/2018\/02\/DSC_8130_a_16532-768x576.jpg 768w, https:\/\/thierrydumont-duthy.fr\/wp-content\/uploads\/2018\/02\/DSC_8130_a_16532-1024x768.jpg 1024w, https:\/\/thierrydumont-duthy.fr\/wp-content\/uploads\/2018\/02\/DSC_8130_a_16532.jpg 1200w\" sizes=\"auto, (max-width: 300px) 100vw, 300px\" \/><\/a>\n\t\t\t<\/div>\n\t\t\t\t<figcaption class='wp-caption-text gallery-caption' id='gallery-3-307'>\n\t\t\t\t4\u00b0 de couverture\n\t\t\t\t<\/figcaption><\/figure>\n\t\t<\/div>\n\n<hr \/>\n<p><strong>L\u2019intervalle<\/strong>, blog litt\u00e9rature, photographie&#8230; pr\u00e9sente mes deux livres :<br \/>\n\u00a0\u00bb Mise \u00e0 Nu &#8230; Grotte de la Cocali\u00e8re \u00a0\u00bb ainsi que \u00a0\u00bb Dualit\u00e9 \u00a0\u00bb<br \/>\n<a href=\"https:\/\/lintervalle.blog\/2020\/11\/01\/comme-un-reve-de-pierre-par-thierry-dumont-photographe\/\">https:\/\/lintervalle.blog\/2020\/11\/01\/comme-un-reve-de-pierre-par-thierry-dumont-photographe\/<\/a><\/p>\n","protected":false},"excerpt":{"rendered":"<p>Troisi\u00e8me livre \u00e9dit\u00e9 : Hallucinations Mill\u00e9sim\u00e9es_ Extrait. Hallucinations Mill\u00e9sim\u00e9es est une s\u00e9rie au long court dont la gen\u00e8se a d\u00e9marr\u00e9 en 2020, lorsque j\u2019ai d\u00e9couvert une cave vinicole en fin de vie. L\u2019Architecture de ces lieux m\u2019a donn\u00e9 envie de travailler dans diff\u00e9rents types de caves afin de mixer le graphisme industriel et les corps [&hellip;]<\/p>\n","protected":false},"author":1,"featured_media":0,"parent":0,"menu_order":0,"comment_status":"closed","ping_status":"closed","template":"","meta":{"footnotes":""},"class_list":["post-294","page","type-page","status-publish","hentry"],"_links":{"self":[{"href":"https:\/\/thierrydumont-duthy.fr\/index.php?rest_route=\/wp\/v2\/pages\/294","targetHints":{"allow":["GET"]}}],"collection":[{"href":"https:\/\/thierrydumont-duthy.fr\/index.php?rest_route=\/wp\/v2\/pages"}],"about":[{"href":"https:\/\/thierrydumont-duthy.fr\/index.php?rest_route=\/wp\/v2\/types\/page"}],"author":[{"embeddable":true,"href":"https:\/\/thierrydumont-duthy.fr\/index.php?rest_route=\/wp\/v2\/users\/1"}],"replies":[{"embeddable":true,"href":"https:\/\/thierrydumont-duthy.fr\/index.php?rest_route=%2Fwp%2Fv2%2Fcomments&post=294"}],"version-history":[{"count":21,"href":"https:\/\/thierrydumont-duthy.fr\/index.php?rest_route=\/wp\/v2\/pages\/294\/revisions"}],"predecessor-version":[{"id":1990,"href":"https:\/\/thierrydumont-duthy.fr\/index.php?rest_route=\/wp\/v2\/pages\/294\/revisions\/1990"}],"wp:attachment":[{"href":"https:\/\/thierrydumont-duthy.fr\/index.php?rest_route=%2Fwp%2Fv2%2Fmedia&parent=294"}],"curies":[{"name":"wp","href":"https:\/\/api.w.org\/{rel}","templated":true}]}}