{"id":992,"date":"2020-02-27T22:09:26","date_gmt":"2020-02-27T21:09:26","guid":{"rendered":"http:\/\/thierrydumont-duthy.fr\/?page_id=992"},"modified":"2025-05-08T14:24:19","modified_gmt":"2025-05-08T12:24:19","slug":"solarisees","status":"publish","type":"page","link":"https:\/\/thierrydumont-duthy.fr\/?page_id=992","title":{"rendered":"Nus Solaris\u00e9s"},"content":{"rendered":"\n<p class=\"has-text-align-center\">Entre Photo et Dessin &#8230;<br>\nMan Ray, suite \u00e0 une erreur de manipulation, a d\u00e9couvert le principe de solarisation d&rsquo;un n\u00e9gatif .<br>\nLes logiciels nous permettent de cr\u00e9er cet effet avec beaucoup plus de possibilit\u00e9s &#8230;<br>\nOn commence avec mon Ami le Parapluie Rouge<\/p>\n\n\n\n<figure class=\"wp-block-gallery has-nested-images columns-3 wp-block-gallery-1 is-layout-flex wp-block-gallery-is-layout-flex\">\n<figure class=\"wp-block-image size-medium\"><a href=\"https:\/\/thierrydumont-duthy.fr\/wp-content\/uploads\/2020\/02\/DSC6387_b_26808_C1.jpg\"><img loading=\"lazy\" decoding=\"async\" width=\"200\" height=\"300\" data-id=\"1001\" src=\"https:\/\/thierrydumont-duthy.fr\/wp-content\/uploads\/2020\/02\/DSC6387_b_26808_C1-200x300.jpg\" alt=\"\" class=\"wp-image-1001\" srcset=\"https:\/\/thierrydumont-duthy.fr\/wp-content\/uploads\/2020\/02\/DSC6387_b_26808_C1-200x300.jpg 200w, https:\/\/thierrydumont-duthy.fr\/wp-content\/uploads\/2020\/02\/DSC6387_b_26808_C1-768x1153.jpg 768w, https:\/\/thierrydumont-duthy.fr\/wp-content\/uploads\/2020\/02\/DSC6387_b_26808_C1-682x1024.jpg 682w, https:\/\/thierrydumont-duthy.fr\/wp-content\/uploads\/2020\/02\/DSC6387_b_26808_C1.jpg 799w\" sizes=\"auto, (max-width: 200px) 100vw, 200px\" \/><\/a><figcaption class=\"wp-element-caption\">Ch\u00e2teau d&rsquo;All\u00e8gre les Fumades _1<\/figcaption><\/figure>\n\n\n\n<figure class=\"wp-block-image size-medium\"><a href=\"https:\/\/thierrydumont-duthy.fr\/wp-content\/uploads\/2020\/02\/DSC6384_b_26806_C1.jpg\"><img loading=\"lazy\" decoding=\"async\" width=\"300\" height=\"200\" data-id=\"1000\" src=\"https:\/\/thierrydumont-duthy.fr\/wp-content\/uploads\/2020\/02\/DSC6384_b_26806_C1-300x200.jpg\" alt=\"\" class=\"wp-image-1000\" srcset=\"https:\/\/thierrydumont-duthy.fr\/wp-content\/uploads\/2020\/02\/DSC6384_b_26806_C1-300x200.jpg 300w, https:\/\/thierrydumont-duthy.fr\/wp-content\/uploads\/2020\/02\/DSC6384_b_26806_C1-768x511.jpg 768w, https:\/\/thierrydumont-duthy.fr\/wp-content\/uploads\/2020\/02\/DSC6384_b_26806_C1-1024x682.jpg 1024w, https:\/\/thierrydumont-duthy.fr\/wp-content\/uploads\/2020\/02\/DSC6384_b_26806_C1.jpg 1200w\" sizes=\"auto, (max-width: 300px) 100vw, 300px\" \/><\/a><figcaption class=\"wp-element-caption\">Ch\u00e2teau d&rsquo;All\u00e8gre les Fumades _2<\/figcaption><\/figure>\n\n\n\n<figure class=\"wp-block-image size-medium\"><a href=\"https:\/\/thierrydumont-duthy.fr\/wp-content\/uploads\/2020\/02\/DSC6849_b_27132_C1.jpg\"><img loading=\"lazy\" decoding=\"async\" width=\"200\" height=\"300\" data-id=\"1002\" src=\"https:\/\/thierrydumont-duthy.fr\/wp-content\/uploads\/2020\/02\/DSC6849_b_27132_C1-200x300.jpg\" alt=\"\" class=\"wp-image-1002\" srcset=\"https:\/\/thierrydumont-duthy.fr\/wp-content\/uploads\/2020\/02\/DSC6849_b_27132_C1-200x300.jpg 200w, https:\/\/thierrydumont-duthy.fr\/wp-content\/uploads\/2020\/02\/DSC6849_b_27132_C1-768x1153.jpg 768w, https:\/\/thierrydumont-duthy.fr\/wp-content\/uploads\/2020\/02\/DSC6849_b_27132_C1-682x1024.jpg 682w, https:\/\/thierrydumont-duthy.fr\/wp-content\/uploads\/2020\/02\/DSC6849_b_27132_C1.jpg 799w\" sizes=\"auto, (max-width: 200px) 100vw, 200px\" \/><\/a><figcaption class=\"wp-element-caption\">Urbex _ Forges de Tamaris<\/figcaption><\/figure>\n\n\n\n<figure class=\"wp-block-image size-medium\"><a href=\"https:\/\/thierrydumont-duthy.fr\/wp-content\/uploads\/2020\/02\/DSC6852_b_27134_C1.jpg\"><img loading=\"lazy\" decoding=\"async\" width=\"300\" height=\"200\" data-id=\"1003\" src=\"https:\/\/thierrydumont-duthy.fr\/wp-content\/uploads\/2020\/02\/DSC6852_b_27134_C1-300x200.jpg\" alt=\"\" class=\"wp-image-1003\" srcset=\"https:\/\/thierrydumont-duthy.fr\/wp-content\/uploads\/2020\/02\/DSC6852_b_27134_C1-300x200.jpg 300w, https:\/\/thierrydumont-duthy.fr\/wp-content\/uploads\/2020\/02\/DSC6852_b_27134_C1-768x511.jpg 768w, https:\/\/thierrydumont-duthy.fr\/wp-content\/uploads\/2020\/02\/DSC6852_b_27134_C1-1024x682.jpg 1024w, https:\/\/thierrydumont-duthy.fr\/wp-content\/uploads\/2020\/02\/DSC6852_b_27134_C1.jpg 1200w\" sizes=\"auto, (max-width: 300px) 100vw, 300px\" \/><\/a><figcaption class=\"wp-element-caption\">Urbex _ Forges de Tamaris<\/figcaption><\/figure>\n\n\n\n<figure class=\"wp-block-image size-medium\"><a href=\"https:\/\/thierrydumont-duthy.fr\/wp-content\/uploads\/2020\/02\/DSC7791_b_27767_C1.jpg\"><img loading=\"lazy\" decoding=\"async\" width=\"200\" height=\"300\" data-id=\"1004\" src=\"https:\/\/thierrydumont-duthy.fr\/wp-content\/uploads\/2020\/02\/DSC7791_b_27767_C1-200x300.jpg\" alt=\"\" class=\"wp-image-1004\" srcset=\"https:\/\/thierrydumont-duthy.fr\/wp-content\/uploads\/2020\/02\/DSC7791_b_27767_C1-200x300.jpg 200w, https:\/\/thierrydumont-duthy.fr\/wp-content\/uploads\/2020\/02\/DSC7791_b_27767_C1-768x1152.jpg 768w, https:\/\/thierrydumont-duthy.fr\/wp-content\/uploads\/2020\/02\/DSC7791_b_27767_C1-683x1024.jpg 683w, https:\/\/thierrydumont-duthy.fr\/wp-content\/uploads\/2020\/02\/DSC7791_b_27767_C1.jpg 800w\" sizes=\"auto, (max-width: 200px) 100vw, 200px\" \/><\/a><figcaption class=\"wp-element-caption\">Phare de Kermorvan <\/figcaption><\/figure>\n\n\n\n<figure class=\"wp-block-image size-medium\"><a href=\"https:\/\/thierrydumont-duthy.fr\/wp-content\/uploads\/2020\/02\/DSC7802_b_27777_C1.jpg\"><img loading=\"lazy\" decoding=\"async\" width=\"300\" height=\"200\" data-id=\"1005\" src=\"https:\/\/thierrydumont-duthy.fr\/wp-content\/uploads\/2020\/02\/DSC7802_b_27777_C1-300x200.jpg\" alt=\"\" class=\"wp-image-1005\" srcset=\"https:\/\/thierrydumont-duthy.fr\/wp-content\/uploads\/2020\/02\/DSC7802_b_27777_C1-300x200.jpg 300w, https:\/\/thierrydumont-duthy.fr\/wp-content\/uploads\/2020\/02\/DSC7802_b_27777_C1-768x511.jpg 768w, https:\/\/thierrydumont-duthy.fr\/wp-content\/uploads\/2020\/02\/DSC7802_b_27777_C1-1024x682.jpg 1024w, https:\/\/thierrydumont-duthy.fr\/wp-content\/uploads\/2020\/02\/DSC7802_b_27777_C1.jpg 1200w\" sizes=\"auto, (max-width: 300px) 100vw, 300px\" \/><\/a><figcaption class=\"wp-element-caption\">Phare du Petit Minou <\/figcaption><\/figure>\n\n\n\n<figure class=\"wp-block-image size-medium\"><a href=\"https:\/\/thierrydumont-duthy.fr\/wp-content\/uploads\/2020\/02\/DSC9176_a_28486_C1.jpg\"><img loading=\"lazy\" decoding=\"async\" width=\"200\" height=\"300\" data-id=\"1009\" src=\"https:\/\/thierrydumont-duthy.fr\/wp-content\/uploads\/2020\/02\/DSC9176_a_28486_C1-200x300.jpg\" alt=\"\" class=\"wp-image-1009\" srcset=\"https:\/\/thierrydumont-duthy.fr\/wp-content\/uploads\/2020\/02\/DSC9176_a_28486_C1-200x300.jpg 200w, https:\/\/thierrydumont-duthy.fr\/wp-content\/uploads\/2020\/02\/DSC9176_a_28486_C1-768x1153.jpg 768w, https:\/\/thierrydumont-duthy.fr\/wp-content\/uploads\/2020\/02\/DSC9176_a_28486_C1-682x1024.jpg 682w, https:\/\/thierrydumont-duthy.fr\/wp-content\/uploads\/2020\/02\/DSC9176_a_28486_C1.jpg 799w\" sizes=\"auto, (max-width: 200px) 100vw, 200px\" \/><\/a><figcaption class=\"wp-element-caption\">Grotte de la Cocali\u00e8re _1<\/figcaption><\/figure>\n\n\n\n<figure class=\"wp-block-image size-medium\"><a href=\"https:\/\/thierrydumont-duthy.fr\/wp-content\/uploads\/2020\/02\/DSC9142_b_28469_C1.jpg\"><img loading=\"lazy\" decoding=\"async\" width=\"300\" height=\"200\" data-id=\"1007\" src=\"https:\/\/thierrydumont-duthy.fr\/wp-content\/uploads\/2020\/02\/DSC9142_b_28469_C1-300x200.jpg\" alt=\"\" class=\"wp-image-1007\" srcset=\"https:\/\/thierrydumont-duthy.fr\/wp-content\/uploads\/2020\/02\/DSC9142_b_28469_C1-300x200.jpg 300w, https:\/\/thierrydumont-duthy.fr\/wp-content\/uploads\/2020\/02\/DSC9142_b_28469_C1-768x511.jpg 768w, https:\/\/thierrydumont-duthy.fr\/wp-content\/uploads\/2020\/02\/DSC9142_b_28469_C1-1024x682.jpg 1024w, https:\/\/thierrydumont-duthy.fr\/wp-content\/uploads\/2020\/02\/DSC9142_b_28469_C1.jpg 1200w\" sizes=\"auto, (max-width: 300px) 100vw, 300px\" \/><\/a><figcaption class=\"wp-element-caption\">Grotte de la Cocali\u00e8re _2<\/figcaption><\/figure>\n\n\n\n<figure class=\"wp-block-image size-medium\"><a href=\"https:\/\/thierrydumont-duthy.fr\/wp-content\/uploads\/2020\/02\/DSC9121_b_28460_C1.jpg\"><img loading=\"lazy\" decoding=\"async\" width=\"200\" height=\"300\" data-id=\"1006\" src=\"https:\/\/thierrydumont-duthy.fr\/wp-content\/uploads\/2020\/02\/DSC9121_b_28460_C1-200x300.jpg\" alt=\"\" class=\"wp-image-1006\" srcset=\"https:\/\/thierrydumont-duthy.fr\/wp-content\/uploads\/2020\/02\/DSC9121_b_28460_C1-200x300.jpg 200w, https:\/\/thierrydumont-duthy.fr\/wp-content\/uploads\/2020\/02\/DSC9121_b_28460_C1-768x1152.jpg 768w, https:\/\/thierrydumont-duthy.fr\/wp-content\/uploads\/2020\/02\/DSC9121_b_28460_C1-683x1024.jpg 683w, https:\/\/thierrydumont-duthy.fr\/wp-content\/uploads\/2020\/02\/DSC9121_b_28460_C1.jpg 800w\" sizes=\"auto, (max-width: 200px) 100vw, 200px\" \/><\/a><figcaption class=\"wp-element-caption\">Grotte de la Cocali\u00e8re _4<\/figcaption><\/figure>\n\n\n\n<figure class=\"wp-block-image size-full\"><a href=\"https:\/\/thierrydumont-duthy.fr\/wp-content\/uploads\/2020\/02\/DSC9143_b_28470_C1.jpg\"><img loading=\"lazy\" decoding=\"async\" width=\"1200\" height=\"799\" data-id=\"1008\" src=\"https:\/\/thierrydumont-duthy.fr\/wp-content\/uploads\/2020\/02\/DSC9143_b_28470_C1.jpg\" alt=\"\" class=\"wp-image-1008\" srcset=\"https:\/\/thierrydumont-duthy.fr\/wp-content\/uploads\/2020\/02\/DSC9143_b_28470_C1.jpg 1200w, https:\/\/thierrydumont-duthy.fr\/wp-content\/uploads\/2020\/02\/DSC9143_b_28470_C1-300x200.jpg 300w, https:\/\/thierrydumont-duthy.fr\/wp-content\/uploads\/2020\/02\/DSC9143_b_28470_C1-768x511.jpg 768w, https:\/\/thierrydumont-duthy.fr\/wp-content\/uploads\/2020\/02\/DSC9143_b_28470_C1-1024x682.jpg 1024w\" sizes=\"auto, (max-width: 1200px) 100vw, 1200px\" \/><\/a><figcaption class=\"wp-element-caption\">Grotte de la Cocali\u00e8re _3<\/figcaption><\/figure>\n<\/figure>\n\n\n\n<p class=\"has-text-align-center\">Cette s\u00e9rie est disponible pour \u00eatre expos\u00e9e &#8230; Contactez moi !<\/p>\n\n\n\n<p class=\"has-text-align-center\">Toutes les images sont disponibles en tirages d&rsquo;Arts num\u00e9rot\u00e9s x\/10<br>pour agr\u00e9menter vos int\u00e9rieurs &#8230; Bureau, salon, etc &#8230;<br>Et bien \u00e9videment pour \u00eatre expos\u00e9es !!<\/p>\n\n\n\n<div class=\"wp-block-columns is-layout-flex wp-container-core-columns-is-layout-9d6595d7 wp-block-columns-is-layout-flex\">\n<div class=\"wp-block-column is-layout-flow wp-block-column-is-layout-flow\" style=\"flex-basis:25%\"><\/div>\n\n\n\n<div class=\"wp-block-column is-layout-flow wp-block-column-is-layout-flow\" style=\"flex-basis:50%\"><div class=\"wp-block-image\">\n<figure class=\"aligncenter size-large\"><img loading=\"lazy\" decoding=\"async\" width=\"1024\" height=\"516\" src=\"https:\/\/thierrydumont-duthy.fr\/wp-content\/uploads\/2025\/05\/Tarif_Nu_2025-1024x516.jpg\" alt=\"\" class=\"wp-image-1866\" srcset=\"https:\/\/thierrydumont-duthy.fr\/wp-content\/uploads\/2025\/05\/Tarif_Nu_2025-1024x516.jpg 1024w, https:\/\/thierrydumont-duthy.fr\/wp-content\/uploads\/2025\/05\/Tarif_Nu_2025-300x151.jpg 300w, https:\/\/thierrydumont-duthy.fr\/wp-content\/uploads\/2025\/05\/Tarif_Nu_2025-768x387.jpg 768w, https:\/\/thierrydumont-duthy.fr\/wp-content\/uploads\/2025\/05\/Tarif_Nu_2025.jpg 1200w\" sizes=\"auto, (max-width: 1024px) 100vw, 1024px\" \/><figcaption class=\"wp-element-caption\">Tarif_Nu_2025<\/figcaption><\/figure><\/div><\/div>\n\n\n\n<div class=\"wp-block-column is-layout-flow wp-block-column-is-layout-flow\" style=\"flex-basis:25%\"><\/div>\n<\/div>\n","protected":false},"excerpt":{"rendered":"<p>Entre Photo et Dessin &#8230; Man Ray, suite \u00e0 une erreur de manipulation, a d\u00e9couvert le principe de solarisation d&rsquo;un n\u00e9gatif . Les logiciels nous permettent de cr\u00e9er cet effet avec beaucoup plus de possibilit\u00e9s &#8230; On commence avec mon Ami le Parapluie Rouge Cette s\u00e9rie est disponible pour \u00eatre expos\u00e9e &#8230; Contactez moi ! [&hellip;]<\/p>\n","protected":false},"author":1,"featured_media":0,"parent":0,"menu_order":0,"comment_status":"closed","ping_status":"closed","template":"","meta":{"footnotes":""},"class_list":["post-992","page","type-page","status-publish","hentry"],"_links":{"self":[{"href":"https:\/\/thierrydumont-duthy.fr\/index.php?rest_route=\/wp\/v2\/pages\/992","targetHints":{"allow":["GET"]}}],"collection":[{"href":"https:\/\/thierrydumont-duthy.fr\/index.php?rest_route=\/wp\/v2\/pages"}],"about":[{"href":"https:\/\/thierrydumont-duthy.fr\/index.php?rest_route=\/wp\/v2\/types\/page"}],"author":[{"embeddable":true,"href":"https:\/\/thierrydumont-duthy.fr\/index.php?rest_route=\/wp\/v2\/users\/1"}],"replies":[{"embeddable":true,"href":"https:\/\/thierrydumont-duthy.fr\/index.php?rest_route=%2Fwp%2Fv2%2Fcomments&post=992"}],"version-history":[{"count":12,"href":"https:\/\/thierrydumont-duthy.fr\/index.php?rest_route=\/wp\/v2\/pages\/992\/revisions"}],"predecessor-version":[{"id":1940,"href":"https:\/\/thierrydumont-duthy.fr\/index.php?rest_route=\/wp\/v2\/pages\/992\/revisions\/1940"}],"wp:attachment":[{"href":"https:\/\/thierrydumont-duthy.fr\/index.php?rest_route=%2Fwp%2Fv2%2Fmedia&parent=992"}],"curies":[{"name":"wp","href":"https:\/\/api.w.org\/{rel}","templated":true}]}}